{"id":37,"date":"2022-04-21T12:34:57","date_gmt":"2022-04-21T10:34:57","guid":{"rendered":"https:\/\/rodadoleal.com\/?page_id=37"},"modified":"2025-01-23T12:49:59","modified_gmt":"2025-01-23T10:49:59","slug":"quienes-somos","status":"publish","type":"page","link":"https:\/\/rodadoleal.com\/index.php\/quienes-somos\/","title":{"rendered":"Qui\u00e9nes somos"},"content":{"rendered":"<p>[et_pb_section fb_built=\u00bb1&#8243; next_background_color=\u00bb#0B9DC5&#8243; _builder_version=\u00bb4.17.0&#8243; _module_preset=\u00bbdefault\u00bb background_color=\u00bb#0D416E\u00bb background_enable_image=\u00bboff\u00bb height=\u00bb475px\u00bb top_divider_height_tablet=\u00bb\u00bb top_divider_height_phone=\u00bb50px\u00bb top_divider_height_last_edited=\u00bbon|phone\u00bb bottom_divider_style=\u00bbarrow\u00bb bottom_divider_height_tablet=\u00bb\u00bb bottom_divider_height_phone=\u00bb55px\u00bb bottom_divider_height_last_edited=\u00bbon|tablet\u00bb global_colors_info=\u00bb{}\u00bb][et_pb_row _builder_version=\u00bb4.17.0&#8243; _module_preset=\u00bbdefault\u00bb global_colors_info=\u00bb{}\u00bb][et_pb_column type=\u00bb4_4&#8243; _builder_version=\u00bb4.17.0&#8243; _module_preset=\u00bbdefault\u00bb global_colors_info=\u00bb{}\u00bb][et_pb_text _builder_version=\u00bb4.17.0&#8243; _module_preset=\u00bbdefault\u00bb text_font=\u00bb|300|||||||\u00bb text_text_color=\u00bb#FFFFFF\u00bb header_2_text_color=\u00bb#FFFFFF\u00bb text_orientation=\u00bbcenter\u00bb width=\u00bb70%\u00bb width_tablet=\u00bb100%\u00bb width_phone=\u00bb100%\u00bb width_last_edited=\u00bbon|phone\u00bb module_alignment=\u00bbcenter\u00bb custom_padding=\u00bb65px||||false|false\u00bb global_colors_info=\u00bb{}\u00bb]<\/p>\n<h2>Visi\u00f3n<\/h2>\n<p>La Fundaci\u00f3n Rodado Leal quiere reducir la desigualdad cultural, formativa y socioecon\u00f3mica de colectivos de riesgo.<\/p>\n<p>[\/et_pb_text][\/et_pb_column][\/et_pb_row][\/et_pb_section][et_pb_section fb_built=\u00bb1&#8243; next_background_color=\u00bb#ffffff\u00bb _builder_version=\u00bb4.17.0&#8243; _module_preset=\u00bbdefault\u00bb background_color=\u00bb#0B9DC5&#8243; background_enable_image=\u00bboff\u00bb height=\u00bb543px\u00bb height_tablet=\u00bb557px\u00bb height_phone=\u00bb652px\u00bb height_last_edited=\u00bbon|phone\u00bb top_divider_height_tablet=\u00bb\u00bb top_divider_height_phone=\u00bb50px\u00bb top_divider_height_last_edited=\u00bbon|phone\u00bb bottom_divider_style=\u00bbarrow\u00bb bottom_divider_height_tablet=\u00bb\u00bb bottom_divider_height_phone=\u00bb55px\u00bb bottom_divider_height_last_edited=\u00bbon|tablet\u00bb global_colors_info=\u00bb{}\u00bb][et_pb_row _builder_version=\u00bb4.17.0&#8243; _module_preset=\u00bbdefault\u00bb global_colors_info=\u00bb{}\u00bb][et_pb_column type=\u00bb4_4&#8243; _builder_version=\u00bb4.17.0&#8243; _module_preset=\u00bbdefault\u00bb global_colors_info=\u00bb{}\u00bb][et_pb_text _builder_version=\u00bb4.17.0&#8243; _module_preset=\u00bbdefault\u00bb text_font=\u00bb|300|||||||\u00bb text_text_color=\u00bb#FFFFFF\u00bb header_2_text_color=\u00bb#FFFFFF\u00bb text_orientation=\u00bbcenter\u00bb width=\u00bb70%\u00bb width_tablet=\u00bb100%\u00bb width_phone=\u00bb100%\u00bb width_last_edited=\u00bbon|phone\u00bb module_alignment=\u00bbcenter\u00bb custom_padding=\u00bb65px||||false|false\u00bb global_colors_info=\u00bb{}\u00bb]<\/p>\n<h2>Misi\u00f3n<\/h2>\n<p>Promocionamos iniciativas para mejorar la calidad de vida y proteger e integrar socialmente, a personas en situaci\u00f3n de necesidad por su edad, enfermedad o situaci\u00f3n socioecon\u00f3mica; y satisfacer necesidades de familias, j\u00f3venes en su desarrollo formativo, cultural y espiritual.<\/p>\n<p>La Fundaci\u00f3n Rodado Leal promueve y financia proyectos en favor de la tercera edad, la Iglesia Cat\u00f3lica y los j\u00f3venes.<\/p>\n<p>[\/et_pb_text][\/et_pb_column][\/et_pb_row][\/et_pb_section][et_pb_section fb_built=\u00bb1&#8243; _builder_version=\u00bb4.17.0&#8243; _module_preset=\u00bbdefault\u00bb global_colors_info=\u00bb{}\u00bb][et_pb_row _builder_version=\u00bb4.17.0&#8243; _module_preset=\u00bbdefault\u00bb global_colors_info=\u00bb{}\u00bb][et_pb_column type=\u00bb4_4&#8243; _builder_version=\u00bb4.17.0&#8243; _module_preset=\u00bbdefault\u00bb global_colors_info=\u00bb{}\u00bb][et_pb_text _builder_version=\u00bb4.17.0&#8243; _module_preset=\u00bbdefault\u00bb text_font=\u00bb|300|||||||\u00bb text_orientation=\u00bbcenter\u00bb width=\u00bb100%\u00bb width_tablet=\u00bb100%\u00bb width_phone=\u00bb100%\u00bb width_last_edited=\u00bbon|phone\u00bb global_colors_info=\u00bb{}\u00bb]<\/p>\n<div class=\"page\" title=\"Page 3\">\n<div class=\"section\">\n<div class=\"layoutArea\">\n<div class=\"column\">\n<p><span>La Fundacio\u0301n Hermanos Amparo y Eloy Rodado Leal nace el 7 de octubre de 1993. Se concibe como una fundacio\u0301n asistencial de a\u0301mbito nacional. La fundacio\u0301n se encuentra inscrita en el Registro de Fundaciones Asistenciales del Ministerio de Sanidad, Servicios Sociales e Igualdad con el nu\u0301mero 28-0936.<\/span><\/p>\n<p><span>La Fundacio\u0301n nace con una vocacio\u0301n asistencial, en especial a la tercera edad, la mujer, la juventud, la familia y los sacerdotes de la Iglesia Cato\u0301lica. Siendo todos ellos colectivos indispensables para la sociedad.<\/span><\/p>\n<\/div>\n<\/div>\n<\/div>\n<\/div>\n<p>[\/et_pb_text][et_pb_text _builder_version=\u00bb4.17.0&#8243; _module_preset=\u00bbdefault\u00bb global_colors_info=\u00bb{}\u00bb]<\/p>\n<h2 style=\"text-align: center;\">Los fundadores<\/h2>\n<p>[\/et_pb_text][et_pb_text _builder_version=\u00bb4.17.0&#8243; _module_preset=\u00bbdefault\u00bb text_font=\u00bb|300|||||||\u00bb text_orientation=\u00bbcenter\u00bb global_colors_info=\u00bb{}\u00bb]<\/p>\n<p>Los hermanos Amparo y Eloy Rodado Leal, sensibles a las necesidades sociales y con grandes cualidades espirituales y humanas, impulsaron durante toda su vida numerosos proyectos. Algunos proyectos son:<\/p>\n<p>[\/et_pb_text][et_pb_text _builder_version=\u00bb4.17.0&#8243; _module_preset=\u00bbdefault\u00bb text_font=\u00bb|300|||||||\u00bb text_orientation=\u00bbcenter\u00bb width=\u00bb50%\u00bb width_tablet=\u00bb65%\u00bb width_phone=\u00bb100%\u00bb width_last_edited=\u00bbon|phone\u00bb module_alignment=\u00bbcenter\u00bb global_colors_info=\u00bb{}\u00bb]<\/p>\n<p><strong>&#8211; 1 &#8211;<\/strong><br \/>La creaci\u00f3n de un fondo de becas para ayudar a j\u00f3venes a realizar estudios civiles.<\/p>\n<p><strong>&#8211; 2 &#8211;<\/strong><br \/>Ayudar a eclesi\u00e1sticos para que pudieran continuar con sus estudios.<br \/><strong><\/strong><\/p>\n<p><strong>&#8211; 3 &#8211;<\/strong><br \/>Contribuyeron a la reconstrucci\u00f3n de la Iglesia de su pueblo natal, Albaladejo (Ciudad Real).<br \/><strong><\/strong><\/p>\n<p><strong>&#8211; 4 &#8211;<\/strong><br \/>Donaci\u00f3n de terrenos para la construcci\u00f3n de la Escuela P\u00fablica Municipal y el centro de salud de Albaladejo (Ciudad Real)<\/p>\n<p>[\/et_pb_text][et_pb_image src=\u00bbhttps:\/\/rodadoleal.com\/wp-content\/uploads\/2022\/04\/Amparo.png\u00bb title_text=\u00bbAmparo\u00bb align=\u00bbcenter\u00bb _builder_version=\u00bb4.17.0&#8243; _module_preset=\u00bbdefault\u00bb width=\u00bb17%\u00bb width_tablet=\u00bb30%\u00bb width_phone=\u00bb50%\u00bb width_last_edited=\u00bbon|phone\u00bb module_alignment=\u00bbcenter\u00bb custom_margin=\u00bb54px||||false|false\u00bb custom_margin_tablet=\u00bb59px||||false|false\u00bb custom_margin_phone=\u00bb56px||||false|false\u00bb custom_margin_last_edited=\u00bbon|desktop\u00bb global_colors_info=\u00bb{}\u00bb][\/et_pb_image][et_pb_text _builder_version=\u00bb4.17.0&#8243; _module_preset=\u00bbdefault\u00bb text_font=\u00bb|300|||||||\u00bb header_3_font=\u00bbPoppins||||||||\u00bb header_3_font_size=\u00bb34px\u00bb text_orientation=\u00bbcenter\u00bb header_3_font_size_tablet=\u00bb31px\u00bb header_3_font_size_phone=\u00bb27px\u00bb header_3_font_size_last_edited=\u00bbon|phone\u00bb global_colors_info=\u00bb{}\u00bb]<\/p>\n<h3>Amparo Rodado Leal<\/h3>\n<p>&nbsp;<\/p>\n<p>Estudi\u00f3 la carrera de Farmacia en Madrid y fue una de las primeras mujeres que en Espa\u00f1a obtuvo su doctorado. Trabaj\u00f3 como investigadora en el Consejo Superior de Investigaciones Cient\u00edficas, escribi\u00f3 numerosos trabajos publicados. Fue nombrada Jefe del Departamento del Laboratorio Municipal de Madrid y Delegada del Tribunal Tutelar de Menores, ostent\u00f3 otros cargos y recibi\u00f3 m\u00faltiples distinciones. Dotada de un gran af\u00e1n c\u00edvico y apost\u00f3lico, prest\u00f3 colaboraci\u00f3n a diversas obras educativas, asistenciales y ben\u00e9ficas, tanto en el \u00e1mbito rural, como en el del vecino \u201cCampo de Montiel\u201d. Tambi\u00e9n ayud\u00f3 en diversos hospitales y barrios de Madrid a trav\u00e9s de la Asociaci\u00f3n \u201cMar\u00edas de los Sagrarios\u201d.<\/p>\n<p>[\/et_pb_text][et_pb_image src=\u00bbhttps:\/\/rodadoleal.com\/wp-content\/uploads\/2022\/04\/Eloy.png\u00bb title_text=\u00bbEloy\u00bb align=\u00bbcenter\u00bb _builder_version=\u00bb4.17.0&#8243; _module_preset=\u00bbdefault\u00bb width=\u00bb17%\u00bb width_tablet=\u00bb30%\u00bb width_phone=\u00bb50%\u00bb width_last_edited=\u00bbon|phone\u00bb module_alignment=\u00bbcenter\u00bb custom_margin=\u00bb54px||||false|false\u00bb custom_margin_tablet=\u00bb59px||||false|false\u00bb custom_margin_phone=\u00bb56px||||false|false\u00bb custom_margin_last_edited=\u00bbon|desktop\u00bb global_colors_info=\u00bb{}\u00bb][\/et_pb_image][et_pb_text _builder_version=\u00bb4.17.0&#8243; _module_preset=\u00bbdefault\u00bb text_font=\u00bb|300|||||||\u00bb header_3_font=\u00bbPoppins||||||||\u00bb header_3_font_size=\u00bb34px\u00bb text_orientation=\u00bbcenter\u00bb header_3_font_size_tablet=\u00bb31px\u00bb header_3_font_size_phone=\u00bb27px\u00bb header_3_font_size_last_edited=\u00bbon|phone\u00bb global_colors_info=\u00bb{}\u00bb]<\/p>\n<h3>Eloy Rodado Leal<\/h3>\n<p>&nbsp;<\/p>\n<p>Estudi\u00f3 Derecho, Ciencias Pol\u00edticas y se doctor\u00f3 en la Universidad Central de Madrid. Fue colaborador cient\u00edfico del Instituto Jaime Balmes del Consejo Superior de Investigaciones Cient\u00edficas y Profesor Adjunto de Derecho Pol\u00edtico en la Facultad de Derecho. Obtuvo el t\u00edtulo de periodista, y se hizo miembro de la Asociaci\u00f3n de Periodistas de Madrid. Buen pol\u00edglota, dominaba el alem\u00e1n, ingl\u00e9s y franc\u00e9s. Fue Director de Documentaci\u00f3n y de Extranjero del Instituto Nacional de Previsi\u00f3n (1942-82). Favoreci\u00f3 y ayud\u00f3 a la ACNDP. Conocedor de las Ciencias Sociales introdujo en Espa\u00f1a muchas reformas en diversos campos. Viaj\u00f3 en varias ocasiones a Alemania para conocer sus leyes y mejorar la legislaci\u00f3n espa\u00f1ola en materia social, labor desconocida, si bien meritoria. Su actividad est\u00e1 recogida en unos cien tomos, bajo el t\u00edtulo \u201cSeguridad Social en Espa\u00f1a (1940-80)\u201d. Recibi\u00f3 varias distinciones: Medalla de M\u00e9rito al Trabajo, Medalla de Oro del Seguro; Medalla del Colegio de Abogados de Madrid, entre otras.<\/p>\n<p>[\/et_pb_text][\/et_pb_column][\/et_pb_row][et_pb_row _builder_version=\u00bb4.17.0&#8243; _module_preset=\u00bbdefault\u00bb global_colors_info=\u00bb{}\u00bb][et_pb_column type=\u00bb4_4&#8243; _builder_version=\u00bb4.17.0&#8243; _module_preset=\u00bbdefault\u00bb global_colors_info=\u00bb{}\u00bb][et_pb_text _builder_version=\u00bb4.17.0&#8243; _module_preset=\u00bbdefault\u00bb header_2_text_color=\u00bb#BA2618&#8243; global_colors_info=\u00bb{}\u00bb]<\/p>\n<h2 style=\"text-align: center;\">El Patronato<\/h2>\n<p>[\/et_pb_text][\/et_pb_column][\/et_pb_row][et_pb_row column_structure=\u00bb1_2,1_2&#8243; _builder_version=\u00bb4.17.0&#8243; _module_preset=\u00bbdefault\u00bb global_colors_info=\u00bb{}\u00bb][et_pb_column type=\u00bb1_2&#8243; _builder_version=\u00bb4.17.0&#8243; _module_preset=\u00bbdefault\u00bb global_colors_info=\u00bb{}\u00bb][et_pb_toggle title=\u00bbPablo Echevarne Santamar\u00eda\u00bb open_toggle_text_color=\u00bb#BA2618&#8243; open_toggle_background_color=\u00bbRGBA(255,255,255,0)\u00bb icon_color=\u00bb#BA2618&#8243; toggle_icon=\u00bb&#x50;||divi||400&#8243; use_icon_font_size=\u00bbon\u00bb icon_font_size=\u00bb25px\u00bb open_toggle_icon=\u00bb&#x3f;||divi||400&#8243; _builder_version=\u00bb4.17.0&#8243; _module_preset=\u00bbdefault\u00bb title_text_color=\u00bb#9b9b9b\u00bb title_font=\u00bbPoppins||||||||\u00bb title_text_align=\u00bbleft\u00bb title_font_size=\u00bb24px\u00bb body_font=\u00bb|300|||||||\u00bb body_text_align=\u00bbleft\u00bb background_color=\u00bbRGBA(255,255,255,0)\u00bb text_orientation=\u00bbcenter\u00bb global_colors_info=\u00bb{}\u00bb]<\/p>\n<div><span lang=\"ES-TRAD\">Licenciado en Ciencias Ambientales por Staffordshire University. Especializado en el \u00e1mbito de la Calidad Ambiental Interior. Durante algunos a\u00f1os particip\u00f3 en diversas asociaciones relacionadas con este campo. Presidente de ACESEM (Asociaci\u00f3n Catalana del S\u00edndrome del Edificio Enfermo). Presidente de ACECAI (Asociaci\u00f3n Centro de Empresas Especialistas en Calidad Ambiental Interior) y Vicepresidente de FEDECAI (Federaci\u00f3n Espa\u00f1ola de Empresas Especialistas en Calidad Ambiental Interior). Miembro del Comit\u00e9 CTN-171 de Calidad Ambiental interior de AENOR (Asociaci\u00f3n Espa\u00f1ola de Normalizaci\u00f3n). Actualmente Director de la Zona Centro en Laboratorio Echevarne donde lidera el desarrollo de negocio, con apoyo a otras empresas de Grupo Echevarne.<\/span><\/div>\n<div><\/div>\n<p>[\/et_pb_toggle][\/et_pb_column][et_pb_column type=\u00bb1_2&#8243; _builder_version=\u00bb4.17.0&#8243; _module_preset=\u00bbdefault\u00bb global_colors_info=\u00bb{}\u00bb][et_pb_toggle title=\u00bbGerardo Hermida M\u00e9ndez\u00bb open_toggle_text_color=\u00bb#BA2618&#8243; open_toggle_background_color=\u00bbRGBA(255,255,255,0)\u00bb icon_color=\u00bb#BA2618&#8243; toggle_icon=\u00bb&#x50;||divi||400&#8243; use_icon_font_size=\u00bbon\u00bb icon_font_size=\u00bb25px\u00bb open_toggle_icon=\u00bb&#x3f;||divi||400&#8243; _builder_version=\u00bb4.17.0&#8243; _module_preset=\u00bbdefault\u00bb title_text_color=\u00bb#9b9b9b\u00bb title_font=\u00bbPoppins||||||||\u00bb title_text_align=\u00bbleft\u00bb title_font_size=\u00bb24px\u00bb body_font=\u00bb|300|||||||\u00bb body_text_align=\u00bbleft\u00bb background_color=\u00bbRGBA(255,255,255,0)\u00bb text_orientation=\u00bbcenter\u00bb global_colors_info=\u00bb{}\u00bb]<\/p>\n<div>\n<div>\n<p class=\"Estilo1\">Es Ingeniero Industrial por la Universidad Polit\u00e9cnica de Madrid. Ha trabajado, entre otras cosas, \u00a0en el \u00e1rea de <i>fundraising<\/i> y ejecuci\u00f3n de proyectos de reformas y nuevas sedes para impartir formaci\u00f3n integral de la persona. Actualmente, trabaja en el dise\u00f1o e implementaci\u00f3n de planes y cursos de formaci\u00f3n integral de personas, as\u00ed como en asesorar a entidades dedicadas a esa formaci\u00f3n.<o:p><\/o:p><\/p>\n<\/div>\n<\/div>\n<div><\/div>\n<p>[\/et_pb_toggle][\/et_pb_column][\/et_pb_row][et_pb_row column_structure=\u00bb1_2,1_2&#8243; _builder_version=\u00bb4.17.0&#8243; _module_preset=\u00bbdefault\u00bb global_colors_info=\u00bb{}\u00bb][et_pb_column type=\u00bb1_2&#8243; _builder_version=\u00bb4.17.0&#8243; _module_preset=\u00bbdefault\u00bb global_colors_info=\u00bb{}\u00bb][et_pb_toggle title=\u00bbJon Gandarias Lauzurica\u00bb open_toggle_text_color=\u00bb#BA2618&#8243; open_toggle_background_color=\u00bbRGBA(255,255,255,0)\u00bb icon_color=\u00bb#BA2618&#8243; toggle_icon=\u00bb&#x50;||divi||400&#8243; use_icon_font_size=\u00bbon\u00bb icon_font_size=\u00bb25px\u00bb open_toggle_icon=\u00bb&#x3f;||divi||400&#8243; _builder_version=\u00bb4.17.0&#8243; _module_preset=\u00bbdefault\u00bb title_text_color=\u00bb#9b9b9b\u00bb title_font=\u00bbPoppins||||||||\u00bb title_text_align=\u00bbleft\u00bb title_font_size=\u00bb24px\u00bb body_font=\u00bb|300|||||||\u00bb body_text_align=\u00bbleft\u00bb background_color=\u00bbRGBA(255,255,255,0)\u00bb text_orientation=\u00bbcenter\u00bb global_colors_info=\u00bb{}\u00bb]<\/p>\n<div>\n<div>\n<p class=\"Estilo1\">Ingeniero Industrial por la Universidad de Sevilla y MBA por el IESE. En la actualidad desempe\u00f1a funciones de responsabilidad en la gesti\u00f3n del negocio de generaci\u00f3n el\u00e9ctrica de Endesa en Portugal y Marruecos. Con anterioridad ha participado en puestos de responsabilidad en las inversiones internacionales de empresas como Enel Green Power, Uni\u00f3n Fenosa y la propia Endesa. Ha residido con su familia en M\u00e9xico y Eslovenia.<o:p><\/o:p><\/p>\n<\/div>\n<\/div>\n<div><\/div>\n<p>[\/et_pb_toggle][\/et_pb_column][et_pb_column type=\u00bb1_2&#8243; _builder_version=\u00bb4.17.0&#8243; _module_preset=\u00bbdefault\u00bb global_colors_info=\u00bb{}\u00bb][et_pb_toggle title=\u00bbJos\u00e9 Santana Cruz\u00bb open_toggle_text_color=\u00bb#BA2618&#8243; open_toggle_background_color=\u00bbRGBA(255,255,255,0)\u00bb icon_color=\u00bb#BA2618&#8243; toggle_icon=\u00bb&#x50;||divi||400&#8243; use_icon_font_size=\u00bbon\u00bb icon_font_size=\u00bb25px\u00bb open_toggle_icon=\u00bb&#x3f;||divi||400&#8243; _builder_version=\u00bb4.17.0&#8243; _module_preset=\u00bbdefault\u00bb title_text_color=\u00bb#9b9b9b\u00bb title_font=\u00bbPoppins||||||||\u00bb title_text_align=\u00bbleft\u00bb title_font_size=\u00bb24px\u00bb body_font=\u00bb|300|||||||\u00bb body_text_align=\u00bbleft\u00bb background_color=\u00bbRGBA(255,255,255,0)\u00bb text_orientation=\u00bbcenter\u00bb global_colors_info=\u00bb{}\u00bb]<\/p>\n<div><span>Licenciado en derecho por la Universidad de Navarra. Posgrado en Derecho Fiscal (IE). Ha sido asesor fiscal en varias empresas espa\u00f1olas. Patrono de diversas fundaciones educativas.<\/span><\/div>\n<div><\/div>\n<p>[\/et_pb_toggle][\/et_pb_column][\/et_pb_row][et_pb_row column_structure=\u00bb1_2,1_2&#8243; _builder_version=\u00bb4.17.0&#8243; _module_preset=\u00bbdefault\u00bb global_colors_info=\u00bb{}\u00bb][et_pb_column type=\u00bb1_2&#8243; _builder_version=\u00bb4.17.0&#8243; _module_preset=\u00bbdefault\u00bb global_colors_info=\u00bb{}\u00bb][et_pb_toggle title=\u00bbIsidoro Gali\u00e1n \u00dabeda\u00bb open_toggle_text_color=\u00bb#BA2618&#8243; open_toggle_background_color=\u00bbRGBA(255,255,255,0)\u00bb icon_color=\u00bb#BA2618&#8243; toggle_icon=\u00bb&#x50;||divi||400&#8243; use_icon_font_size=\u00bbon\u00bb icon_font_size=\u00bb25px\u00bb open_toggle_icon=\u00bb&#x3f;||divi||400&#8243; _builder_version=\u00bb4.17.0&#8243; _module_preset=\u00bbdefault\u00bb title_text_color=\u00bb#9b9b9b\u00bb title_font=\u00bbPoppins||||||||\u00bb title_text_align=\u00bbleft\u00bb title_font_size=\u00bb24px\u00bb body_font=\u00bb|300|||||||\u00bb body_text_align=\u00bbleft\u00bb background_color=\u00bbRGBA(255,255,255,0)\u00bb text_orientation=\u00bbcenter\u00bb global_colors_info=\u00bb{}\u00bb]<\/p>\n<div>\n<div>\n<p class=\"Estilo1\">Ingeniero Industrial (ICAI) y MBA por el Instituto de Empresa. Despu\u00e9s de varios a\u00f1os dedicados a la asesor\u00eda de empresas, desde 1999 focaliz\u00f3 su actividad profesional entorno a escuelas de negocios. En 2002 junto a profesionales de prestigio desarrollaron una de las primeras escuelas de negocio online, desarroll\u00f3 el Programa MBA para el Instituto de Estudios Burs\u00e1tiles tanto presencial como online. En 2010 fue socio fundador de EALDE Business School donde desarroll\u00f3 varios Programas M\u00e1ster: MBA, Direcci\u00f3n financiera, Gesti\u00f3n de riesgos, entre otros. Desde 2021 colabora como consultor externo en MID Atlantic Business School y Director del Executive MBA online.<o:p><\/o:p><\/p>\n<\/div>\n<\/div>\n<div><\/div>\n<p>[\/et_pb_toggle][\/et_pb_column][et_pb_column type=\u00bb1_2&#8243; _builder_version=\u00bb4.17.0&#8243; _module_preset=\u00bbdefault\u00bb global_colors_info=\u00bb{}\u00bb][et_pb_toggle title=\u00bb\u00c1lvaro Guti\u00e9rrez M\u00e9relles\u00bb open_toggle_text_color=\u00bb#BA2618&#8243; open_toggle_background_color=\u00bbRGBA(255,255,255,0)\u00bb icon_color=\u00bb#BA2618&#8243; toggle_icon=\u00bb&#x50;||divi||400&#8243; use_icon_font_size=\u00bbon\u00bb icon_font_size=\u00bb25px\u00bb open_toggle_icon=\u00bb&#x3f;||divi||400&#8243; _builder_version=\u00bb4.17.0&#8243; _module_preset=\u00bbdefault\u00bb title_text_color=\u00bb#9b9b9b\u00bb title_font=\u00bbPoppins||||||||\u00bb title_text_align=\u00bbleft\u00bb title_font_size=\u00bb24px\u00bb body_font=\u00bb|300|||||||\u00bb body_text_align=\u00bbleft\u00bb background_color=\u00bbRGBA(255,255,255,0)\u00bb text_orientation=\u00bbcenter\u00bb hover_enabled=\u00bb0&#8243; global_colors_info=\u00bb{}\u00bb sticky_enabled=\u00bb0&#8243;]<\/p>\n<p>Licenciado en Ciencias Econ\u00f3micas y Empresariales por la Universidad Complutense de Madrid. PDD por el IESE y el Instituto de Empresa. Trabajo durante 23 a\u00f1os en el Grupo Acciona, donde desempe\u00f1o puestos de diversa responsabilidad en varias empresas, en especial en el sector de la log\u00edstica y transporte, fue Director de Compa\u00f1\u00eda Transmediterr\u00e1nea. Posteriormente fundo una Consultora de negocio mar\u00edtimo y portuario, Shipping Business Consultants que presidio durante 12 a\u00f1os. En la actualidad dirige una empresa dedicada al ocio juvenil.<\/p>\n<p>[\/et_pb_toggle][\/et_pb_column][\/et_pb_row][\/et_pb_section][et_pb_section fb_built=\u00bb1&#8243; next_background_color=\u00bb#0D416E\u00bb _builder_version=\u00bb4.17.0&#8243; _module_preset=\u00bbdefault\u00bb background_color=\u00bb#CBAC0E\u00bb background_enable_image=\u00bboff\u00bb height=\u00bb475px\u00bb height_tablet=\u00bb479px\u00bb height_phone=\u00bb525px\u00bb height_last_edited=\u00bbon|phone\u00bb top_divider_height_tablet=\u00bb\u00bb top_divider_height_phone=\u00bb50px\u00bb top_divider_height_last_edited=\u00bbon|phone\u00bb bottom_divider_style=\u00bbarrow\u00bb bottom_divider_height_tablet=\u00bb\u00bb bottom_divider_height_phone=\u00bb55px\u00bb bottom_divider_height_last_edited=\u00bbon|tablet\u00bb global_colors_info=\u00bb{}\u00bb][et_pb_row _builder_version=\u00bb4.17.0&#8243; _module_preset=\u00bbdefault\u00bb global_colors_info=\u00bb{}\u00bb][et_pb_column type=\u00bb4_4&#8243; _builder_version=\u00bb4.17.0&#8243; _module_preset=\u00bbdefault\u00bb global_colors_info=\u00bb{}\u00bb][et_pb_text _builder_version=\u00bb4.17.0&#8243; _module_preset=\u00bbdefault\u00bb text_font=\u00bb|300|||||||\u00bb text_text_color=\u00bb#FFFFFF\u00bb header_2_text_color=\u00bb#FFFFFF\u00bb text_orientation=\u00bbcenter\u00bb width=\u00bb70%\u00bb width_tablet=\u00bb100%\u00bb width_phone=\u00bb100%\u00bb width_last_edited=\u00bbon|phone\u00bb module_alignment=\u00bbcenter\u00bb custom_padding=\u00bb65px||||false|false\u00bb global_colors_info=\u00bb{}\u00bb]<\/p>\n<h2>Valores<\/h2>\n<p>Fundaci\u00f3n Rodado Leal fomenta iniciativas que inspiran valores cristianos y solidarios a los beneficiarios, en particular, y a la sociedad, en general. La Fundaci\u00f3n cree en la plena dignidad del ser humano y en su dimensi\u00f3n trascendente.<\/p>\n<p>[\/et_pb_text][\/et_pb_column][\/et_pb_row][\/et_pb_section]<\/p>\n","protected":false},"excerpt":{"rendered":"<p>Visi\u00f3n La Fundaci\u00f3n Rodado Leal quiere reducir la desigualdad cultural, formativa y socioecon\u00f3mica de colectivos de riesgo.Misi\u00f3n Promocionamos iniciativas para mejorar la calidad de vida y proteger e integrar socialmente, a personas en situaci\u00f3n de necesidad por su edad, enfermedad o situaci\u00f3n socioecon\u00f3mica; y satisfacer necesidades de familias, j\u00f3venes en su desarrollo formativo, cultural y [&hellip;]<\/p>\n","protected":false},"author":2,"featured_media":0,"parent":0,"menu_order":0,"comment_status":"closed","ping_status":"closed","template":"","meta":{"_et_pb_use_builder":"on","_et_pb_old_content":"","_et_gb_content_width":"","inline_featured_image":false,"footnotes":""},"class_list":["post-37","page","type-page","status-publish","hentry"],"_links":{"self":[{"href":"https:\/\/rodadoleal.com\/index.php\/wp-json\/wp\/v2\/pages\/37","targetHints":{"allow":["GET"]}}],"collection":[{"href":"https:\/\/rodadoleal.com\/index.php\/wp-json\/wp\/v2\/pages"}],"about":[{"href":"https:\/\/rodadoleal.com\/index.php\/wp-json\/wp\/v2\/types\/page"}],"author":[{"embeddable":true,"href":"https:\/\/rodadoleal.com\/index.php\/wp-json\/wp\/v2\/users\/2"}],"replies":[{"embeddable":true,"href":"https:\/\/rodadoleal.com\/index.php\/wp-json\/wp\/v2\/comments?post=37"}],"version-history":[{"count":12,"href":"https:\/\/rodadoleal.com\/index.php\/wp-json\/wp\/v2\/pages\/37\/revisions"}],"predecessor-version":[{"id":416,"href":"https:\/\/rodadoleal.com\/index.php\/wp-json\/wp\/v2\/pages\/37\/revisions\/416"}],"wp:attachment":[{"href":"https:\/\/rodadoleal.com\/index.php\/wp-json\/wp\/v2\/media?parent=37"}],"curies":[{"name":"wp","href":"https:\/\/api.w.org\/{rel}","templated":true}]}}